{"id":2601,"date":"2021-09-09T13:32:03","date_gmt":"2021-09-09T13:32:03","guid":{"rendered":"https:\/\/contrapesouruguay.org\/?page_id=2601"},"modified":"2021-09-09T13:35:34","modified_gmt":"2021-09-09T13:35:34","slug":"el-ejemplo-de-ecuador","status":"publish","type":"page","link":"https:\/\/contrapesouruguay.org\/index.php\/el-ejemplo-de-ecuador\/","title":{"rendered":"El ejemplo de Ecuador"},"content":{"rendered":"\t\t<div data-elementor-type=\"wp-page\" data-elementor-id=\"2601\" class=\"elementor elementor-2601\">\n\t\t\t\t\t\t<section class=\"elementor-section elementor-top-section elementor-element elementor-element-182b9b5 elementor-section-boxed elementor-section-height-default elementor-section-height-default\" data-id=\"182b9b5\" data-element_type=\"section\" data-e-type=\"section\">\n\t\t\t\t\t\t<div class=\"elementor-container elementor-column-gap-default\">\n\t\t\t\t\t<div class=\"elementor-column elementor-col-100 elementor-top-column elementor-element elementor-element-a72752e\" data-id=\"a72752e\" data-element_type=\"column\" data-e-type=\"column\">\n\t\t\t<div class=\"elementor-widget-wrap elementor-element-populated\">\n\t\t\t\t\t\t<div class=\"elementor-element elementor-element-c644aef elementor-widget elementor-widget-image\" data-id=\"c644aef\" data-element_type=\"widget\" data-e-type=\"widget\" data-widget_type=\"image.default\">\n\t\t\t\t<div class=\"elementor-widget-container\">\n\t\t\t\t\t\t\t\t\t\t\t\t<figure class=\"wp-caption\">\n\t\t\t\t\t\t\t\t\t\t<img fetchpriority=\"high\" decoding=\"async\" width=\"300\" height=\"300\" src=\"https:\/\/contrapesouruguay.org\/wp-content\/uploads\/2021\/09\/semaforoEcuador-300x300.jpg\" class=\"attachment-medium size-medium wp-image-2607\" alt=\"\" srcset=\"https:\/\/contrapesouruguay.org\/wp-content\/uploads\/2021\/09\/semaforoEcuador-300x300.jpg 300w, https:\/\/contrapesouruguay.org\/wp-content\/uploads\/2021\/09\/semaforoEcuador-1024x1024.jpg 1024w, https:\/\/contrapesouruguay.org\/wp-content\/uploads\/2021\/09\/semaforoEcuador-150x150.jpg 150w, https:\/\/contrapesouruguay.org\/wp-content\/uploads\/2021\/09\/semaforoEcuador-768x768.jpg 768w, https:\/\/contrapesouruguay.org\/wp-content\/uploads\/2021\/09\/semaforoEcuador-650x650.jpg 650w, https:\/\/contrapesouruguay.org\/wp-content\/uploads\/2021\/09\/semaforoEcuador.jpg 1200w\" sizes=\"(max-width: 300px) 100vw, 300px\" \/>\t\t\t\t\t\t\t\t\t\t\t<figcaption class=\"widget-image-caption wp-caption-text\">Un mensaje sencillo Rojo: Alto, Alerta, Amarillo: Medio, Moderaci\u00f3n y Verde: Bajo, consumo recomendado<\/figcaption>\n\t\t\t\t\t\t\t\t\t\t<\/figure>\n\t\t\t\t\t\t\t\t\t<\/div>\n\t\t\t\t<\/div>\n\t\t\t\t\t<\/div>\n\t\t<\/div>\n\t\t\t\t\t<\/div>\n\t\t<\/section>\n\t\t\t\t<section class=\"elementor-section elementor-top-section elementor-element elementor-element-8cfcd79 elementor-section-boxed elementor-section-height-default elementor-section-height-default\" data-id=\"8cfcd79\" data-element_type=\"section\" data-e-type=\"section\">\n\t\t\t\t\t\t<div class=\"elementor-container elementor-column-gap-default\">\n\t\t\t\t\t<div class=\"elementor-column elementor-col-100 elementor-top-column elementor-element elementor-element-0cecdbc\" data-id=\"0cecdbc\" data-element_type=\"column\" data-e-type=\"column\">\n\t\t\t<div class=\"elementor-widget-wrap elementor-element-populated\">\n\t\t\t\t\t\t<div class=\"elementor-element elementor-element-e9430cd elementor-widget elementor-widget-text-editor\" data-id=\"e9430cd\" data-element_type=\"widget\" data-e-type=\"widget\" data-widget_type=\"text-editor.default\">\n\t\t\t\t<div class=\"elementor-widget-container\">\n\t\t\t\t\t\t\t\t\t<p><span data-keep-original-tag=\"false\" data-original-attrs=\"{&quot;style&quot;:&quot;&quot;,&quot;face&quot;:&quot;\\&quot;arial\\&quot; , \\&quot;helvetica\\&quot; , sans-serif&quot;}\">Para la\u00a0<b>Organizaci\u00f3n Panamericana de la Salud<\/b>\u00a0(OPS) las cifras en\u00a0<b>Ecuador\u00a0<\/b>son \u00a0alarmantes y ha definido a la\u00a0<b>obesidad y al sobrepeso\u00a0<\/b>como una \u201cepidemia en marcha\u201d.<\/span><br \/><span data-keep-original-tag=\"false\" data-original-attrs=\"{&quot;style&quot;:&quot;&quot;,&quot;face&quot;:&quot;\\&quot;arial\\&quot; , \\&quot;helvetica\\&quot; , sans-serif&quot;}\"><br \/><\/span><span><\/span><span data-keep-original-tag=\"false\" data-original-attrs=\"{&quot;style&quot;:&quot;&quot;,&quot;face&quot;:&quot;\\&quot;arial\\&quot; , \\&quot;helvetica\\&quot; , sans-serif&quot;}\">A mediados del 2014,\u00a0<b>Ecuador\u00a0<\/b>sorprendi\u00f3 a todo el mundo al convertirse en el primer pa\u00eds de\u00a0<b>Am\u00e9rica Latina<\/b>\u00a0en adoptar el\u00a0<b>etiquetado tipo sem\u00e1foro\u00a0<\/b>para alertar a los consumidores sobre la cantidad de\u00a0<b>grasas, az\u00facar y sal<\/b>\u00a0de diversos productos alimenticios.<\/span><br \/><span data-keep-original-tag=\"false\" data-original-attrs=\"{&quot;style&quot;:&quot;&quot;,&quot;face&quot;:&quot;\\&quot;arial\\&quot; , \\&quot;helvetica\\&quot; , sans-serif&quot;}\"><br \/><\/span><span><\/span><span data-keep-original-tag=\"false\" data-original-attrs=\"{&quot;style&quot;:&quot;&quot;,&quot;face&quot;:&quot;\\&quot;arial\\&quot; , \\&quot;helvetica\\&quot; , sans-serif&quot;}\">El\u00a0<b>Sem\u00e1foro Nutricional\u00a0<\/b>est\u00e1 teniendo un muy buen nivel de aceptaci\u00f3n en el\u00a0<b>Ecuador<\/b>.\u00a0<\/span><br \/><span data-keep-original-tag=\"false\" data-original-attrs=\"{&quot;style&quot;:&quot;&quot;,&quot;face&quot;:&quot;\\&quot;arial\\&quot; , \\&quot;helvetica\\&quot; , sans-serif&quot;}\"><br \/><\/span><span><\/span><span data-keep-original-tag=\"false\" data-original-attrs=\"{&quot;style&quot;:&quot;&quot;,&quot;face&quot;:&quot;\\&quot;arial\\&quot; , \\&quot;helvetica\\&quot; , sans-serif&quot;}\">Su implementaci\u00f3n ya tiene un tiempo y cada vez m\u00e1s personas declaran que toman en cuenta los colores para decidir la compra de alimentos procesados.\u00a0<\/span><br \/><span data-keep-original-tag=\"false\" data-original-attrs=\"{&quot;style&quot;:&quot;&quot;,&quot;face&quot;:&quot;\\&quot;arial\\&quot; , \\&quot;helvetica\\&quot; , sans-serif&quot;}\"><br \/><\/span><span><\/span><span data-keep-original-tag=\"false\" data-original-attrs=\"{&quot;style&quot;:&quot;&quot;,&quot;face&quot;:&quot;\\&quot;arial\\&quot; , \\&quot;helvetica\\&quot; , sans-serif&quot;}\">Un indicador del efecto del Sem\u00e1foro sobre los h\u00e1bito de consumo se recoge en un reportaje del\u00a0<b>Diario El Comercio de Quito<\/b>, que informa sobre la disminuci\u00f3n de\u00a0<b>hasta un 35% de las ventas de productos altos en grasas, az\u00facar o sal<\/b>, \u00a0como es el caso de quesos maduros.<\/span><br \/><span data-keep-original-tag=\"false\" data-original-attrs=\"{&quot;style&quot;:&quot;&quot;,&quot;face&quot;:&quot;\\&quot;arial\\&quot; , \\&quot;helvetica\\&quot; , sans-serif&quot;}\"><br \/><\/span><span><\/span><span data-keep-original-tag=\"false\" data-original-attrs=\"{&quot;style&quot;:&quot;&quot;,&quot;face&quot;:&quot;\\&quot;arial\\&quot; , \\&quot;helvetica\\&quot; , sans-serif&quot;}\">Por otro lado, tambi\u00e9n se se\u00f1ala en este art\u00edculo de prensa que los industriales m\u00e1s afectados est\u00e1n tomando medidas para disminuir de sus formulaciones las cantidades de grasa, az\u00facar y sal, pues ven afectadas sus ganancias.<\/span><br \/><span data-keep-original-tag=\"false\" data-original-attrs=\"{&quot;style&quot;:&quot;&quot;,&quot;face&quot;:&quot;\\&quot;arial\\&quot; , \\&quot;helvetica\\&quot; , sans-serif&quot;}\"><br \/><\/span><span><\/span><span data-keep-original-tag=\"false\" data-original-attrs=\"{&quot;style&quot;:&quot;&quot;,&quot;face&quot;:&quot;\\&quot;arial\\&quot; , \\&quot;helvetica\\&quot; , sans-serif&quot;}\"><\/span><span><\/span><span data-keep-original-tag=\"false\" data-original-attrs=\"{&quot;style&quot;:&quot;&quot;,&quot;face&quot;:&quot;\\&quot;arial\\&quot; , \\&quot;helvetica\\&quot; , sans-serif&quot;}\">Lo descrito, m\u00e1s que cualquier otra medici\u00f3n de comportamiento del mercado, demuestra el \u00e9xito de una medida que deber\u00eda ser imitada por los pa\u00edses y exigida por los consumidores.<\/span><br \/><span data-keep-original-tag=\"false\" data-original-attrs=\"{&quot;style&quot;:&quot;&quot;,&quot;face&quot;:&quot;\\&quot;arial\\&quot; , \\&quot;helvetica\\&quot; , sans-serif&quot;}\"><br \/><\/span><span><\/span><span data-keep-original-tag=\"false\" data-original-attrs=\"{&quot;style&quot;:&quot;&quot;,&quot;face&quot;:&quot;\\&quot;arial\\&quot; , \\&quot;helvetica\\&quot; , sans-serif&quot;}\">Entre las estrategias del Gobierno para prevenir estas enfermedades podemos mencionar las campa\u00f1as de informaci\u00f3n sobre como adoptar h\u00e1bitos alimenticios saludables, regular a los bares escolares e informar al consumidor de una forma m\u00e1s clara el contenido de los alimentos procesados.<\/span><\/p>\t\t\t\t\t\t\t\t<\/div>\n\t\t\t\t<\/div>\n\t\t\t\t\t<\/div>\n\t\t<\/div>\n\t\t\t\t\t<\/div>\n\t\t<\/section>\n\t\t\t\t<\/div>\n\t\t","protected":false},"excerpt":{"rendered":"<p>Un mensaje sencillo Rojo: Alto, Alerta, Amarillo: Medio, Moderaci\u00f3n y Verde: Bajo, consumo recomendado Para la\u00a0Organizaci\u00f3n Panamericana de la Salud\u00a0(OPS) las cifras en\u00a0Ecuador\u00a0son \u00a0alarmantes y ha definido a la\u00a0obesidad y al sobrepeso\u00a0como una \u201cepidemia en marcha\u201d. A mediados del 2014,\u00a0Ecuador\u00a0sorprendi\u00f3 a todo el mundo al convertirse en el primer pa\u00eds [&hellip;]<\/p>\n","protected":false},"author":1,"featured_media":0,"parent":0,"menu_order":0,"comment_status":"closed","ping_status":"closed","template":"","meta":{"footnotes":""},"class_list":["post-2601","page","type-page","status-publish","hentry"],"_links":{"self":[{"href":"https:\/\/contrapesouruguay.org\/index.php\/wp-json\/wp\/v2\/pages\/2601","targetHints":{"allow":["GET"]}}],"collection":[{"href":"https:\/\/contrapesouruguay.org\/index.php\/wp-json\/wp\/v2\/pages"}],"about":[{"href":"https:\/\/contrapesouruguay.org\/index.php\/wp-json\/wp\/v2\/types\/page"}],"author":[{"embeddable":true,"href":"https:\/\/contrapesouruguay.org\/index.php\/wp-json\/wp\/v2\/users\/1"}],"replies":[{"embeddable":true,"href":"https:\/\/contrapesouruguay.org\/index.php\/wp-json\/wp\/v2\/comments?post=2601"}],"version-history":[{"count":10,"href":"https:\/\/contrapesouruguay.org\/index.php\/wp-json\/wp\/v2\/pages\/2601\/revisions"}],"predecessor-version":[{"id":2613,"href":"https:\/\/contrapesouruguay.org\/index.php\/wp-json\/wp\/v2\/pages\/2601\/revisions\/2613"}],"wp:attachment":[{"href":"https:\/\/contrapesouruguay.org\/index.php\/wp-json\/wp\/v2\/media?parent=2601"}],"curies":[{"name":"wp","href":"https:\/\/api.w.org\/{rel}","templated":true}]}}